{"id":209,"date":"2023-06-15T09:58:06","date_gmt":"2023-06-15T09:58:06","guid":{"rendered":"https:\/\/www.fabiobarba.it\/?page_id=209"},"modified":"2023-06-17T09:06:50","modified_gmt":"2023-06-17T09:06:50","slug":"noleggio","status":"publish","type":"page","link":"https:\/\/sitiwebaroma.it\/fabiobarba\/noleggio\/","title":{"rendered":"Noleggio"},"content":{"rendered":"<h1>Sei alla ricerca di un modo semplice e conveniente per noleggiare un&#8217;auto ?<\/h1>\r\n<p>Ti presentiamo il nostro servizio di noleggio auto con consegna e ritiro direttamente al tuo domicilio, senza costi aggiuntivi e senza bisogno di una carta di credito.<br \/>Abbiamo creato questa opzione per offrirti la massima libert\u00e0 e flessibilit\u00e0 durante il tuo viaggio.<br \/>Scopri come potrai goderti la comodit\u00e0 di un noleggio auto senza dover uscire di casa o preoccuparti di transazioni finanziarie complesse.<\/p>\r\n<h2>Libert\u00e0 di Scegliere:<\/h2>\r\n<p>Il nostro servizio di noleggio auto ti consente di selezionare il veicolo che meglio si adatta alle tue esigenze direttamente dal comfort del tuo domicilio. <br \/>Non importa se hai bisogno di una vettura compatta per una breve gita o di un SUV spazioso per una vacanza in famiglia, avrai a disposizione una vasta gamma di modelli tra cui scegliere. <br \/>Senza dover recarti presso un&#8217;agenzia di noleggio, risparmierai tempo e sforzi, avendo la possibilit\u00e0 di prenotare l&#8217;auto ideale con pochi clic.<\/p>\r\n<h2>Consegna e Ritiro Direttamente a Casa Tua:<\/h2>\r\n<p>Immagina di ricevere l&#8217;auto noleggiata direttamente a casa tua, senza dover fare alcuna deviazione. <br \/>Il nostro servizio di consegna e ritiro a domicilio ti permette di risparmiare tempo e fatica. Basta indicarci l&#8217;indirizzo e l&#8217;orario desiderato e il nostro team professionale si occuper\u00e0 di consegnarti l&#8217;auto nel luogo convenuto. <br \/>Al termine del noleggio, torneremo a ritirare il veicolo nello stesso modo. Non potrebbe essere pi\u00f9 semplice<\/p>\r\n<h2>Senza Costi Aggiuntivi:<\/h2>\r\n<p>Crediamo nella trasparenza e nella semplicit\u00e0 delle nostre tariffe. <br \/>Con il nostro servizio di noleggio auto con consegna e ritiro al domicilio, non ci sono costi aggiuntivi nascosti. <br \/>Pagherai solo il prezzo concordato per il noleggio dell&#8217;auto, senza spese extra per la consegna o il ritiro a domicilio.<br \/>Il nostro obiettivo \u00e8 offrirti un&#8217;esperienza di noleggio trasparente e conveniente.<\/p>\r\n<h2>Nessun Obbligo di Carta di Credito:<\/h2>\r\n<p>Sappiamo che non tutti hanno una carta di credito o preferiscono non utilizzarla per il noleggio auto. <br \/>Con noi, non sarai vincolato a tale requisito. Non richiediamo una carta di credito come garanzia per il noleggio. <br \/>Abbiamo creato alternative di pagamento flessibili per soddisfare le tue esigenze. Potrai effettuare un bonifico bancario o utilizzare altre modalit\u00e0 di pagamento per la cauzione, offrendoti la libert\u00e0 di noleggiare un&#8217;auto senza preoccupazioni. <br \/>Scegli il nostro servizio di noleggio auto con consegna a domicilio senza carta di credito e goditi la comodit\u00e0 e la libert\u00e0 di muoverti secondo le tue necessit\u00e0.<\/p>\r\n<p><strong><a href=\"https:\/\/sitiwebaroma.it\/fabiobarba\/contatti\/\">Contattaci<\/a><\/strong> oggi stesso per prenotare il tuo veicolo e scopri come possiamo rendere il tuo viaggio ancora pi\u00f9 piacevole. Siamo qui per assisterti in ogni passo del processo di noleggio.<\/p>\r\n<p>&nbsp;<\/p>\r\n<hr \/>\r\n<p>&nbsp;<\/p>\r\n<div class=\"root-eb-post-grid-ghtguei wp-block-essential-blocks-post-grid\">\n    <div class=\"eb-parent-wrapper eb-parent-eb-post-grid-ghtguei \">\n        <div class=\"eb-post-grid-ghtguei style-1  eb-post-grid-wrapper\"\n            data-id=\"eb-post-grid-ghtguei\"\n            data-querydata=\"{&quot;source&quot;:&quot;post&quot;,&quot;sourceIndex&quot;:0,&quot;rest_base&quot;:&quot;posts&quot;,&quot;rest_namespace&quot;:&quot;wp\\\/v2&quot;,&quot;author&quot;:&quot;&quot;,&quot;taxonomies&quot;:[],&quot;per_page&quot;:&quot;6&quot;,&quot;offset&quot;:&quot;0&quot;,&quot;orderby&quot;:&quot;date&quot;,&quot;order&quot;:&quot;desc&quot;,&quot;include&quot;:&quot;&quot;,&quot;exclude&quot;:&quot;&quot;,&quot;exclude_current&quot;:false}\"\n            data-attributes=\"{&quot;thumbnailSize&quot;:&quot;&quot;,&quot;loadMoreOptions&quot;:{&quot;enableMorePosts&quot;:false,&quot;loadMoreType&quot;:&quot;1&quot;,&quot;loadMoreButtonTxt&quot;:&quot;Load More&quot;,&quot;alignment&quot;:&quot;center&quot;,&quot;prevTxt&quot;:&quot;&lt;&quot;,&quot;nextTxt&quot;:&quot;&gt;&quot;,&quot;totalPosts&quot;:15},&quot;showSearch&quot;:false,&quot;showTaxonomyFilter&quot;:false,&quot;enableAjaxSearch&quot;:false,&quot;addIcon&quot;:false,&quot;iconPosition&quot;:&quot;left&quot;,&quot;icon&quot;:&quot;fas fa-chevron-right&quot;,&quot;preset&quot;:&quot;style-1&quot;,&quot;defaultFilter&quot;:&quot;all&quot;,&quot;version&quot;:&quot;&quot;,&quot;showBlockContent&quot;:true,&quot;showFallbackImg&quot;:false,&quot;fallbackImgUrl&quot;:&quot;&quot;,&quot;showThumbnail&quot;:true,&quot;showTitle&quot;:true,&quot;titleLength&quot;:&quot;&quot;,&quot;titleTag&quot;:&quot;h2&quot;,&quot;showContent&quot;:true,&quot;contentLength&quot;:20,&quot;expansionIndicator&quot;:&quot;...&quot;,&quot;showReadMore&quot;:false,&quot;readmoreText&quot;:&quot;Read More&quot;,&quot;showMeta&quot;:true,&quot;headerMeta&quot;:&quot;[{\\&quot;value\\&quot;:\\&quot;categories\\&quot;,\\&quot;label\\&quot;:\\&quot;Categories\\&quot;}]&quot;,&quot;footerMeta&quot;:&quot;[{\\&quot;value\\&quot;:\\&quot;avatar\\&quot;,\\&quot;label\\&quot;:\\&quot;Author Avatar\\&quot;},{\\&quot;value\\&quot;:\\&quot;author\\&quot;,\\&quot;label\\&quot;:\\&quot;Author Name\\&quot;},{\\&quot;value\\&quot;:\\&quot;date\\&quot;,\\&quot;label\\&quot;:\\&quot;Published Date\\&quot;}]&quot;,&quot;authorPrefix&quot;:&quot;by&quot;,&quot;datePrefix&quot;:&quot;on&quot;,&quot;showFeaturedPost&quot;:false,&quot;featuredPostId&quot;:&quot;&quot;,&quot;showFeaturedPostTitle&quot;:true,&quot;showFeaturedPostContent&quot;:false,&quot;showFeaturedPostMeta&quot;:true,&quot;showFeaturedHeaderMeta&quot;:true,&quot;showFeaturedFooterMeta&quot;:true,&quot;featuredMetaItems&quot;:&quot;{}&quot;,&quot;featuredExcerptLength&quot;:10}\">\n\n            \n\n            <article class=\"ebpg-grid-post ebpg-post-grid-column\" data-id=\"558\"><div class=\"ebpg-grid-post-holder\"><div class=\"ebpg-entry-wrapper\"><div class=\"ebpg-entry-media\">\n                <div class=\"ebpg-entry-thumbnail\">\n                    <a class=\"ebpg-post-link-wrapper eb-sr-only\" href=\"https:\/\/sitiwebaroma.it\/fabiobarba\/fiat-panda-hybrid\/\">Fiat Panda Hybrid<\/a>\n                    <img fetchpriority=\"high\" decoding=\"async\" width=\"800\" height=\"600\" src=\"https:\/\/sitiwebaroma.it\/fabiobarba\/wp-content\/uploads\/Fiat-Panda-hibrid.png\" class=\"attachment-full size-full\" alt=\"\" \/>\n                <\/div>\n            <\/div><header class=\"ebpg-entry-header\">\n            <h2 class=\"ebpg-entry-title\">\n                <a class=\"ebpg-grid-post-link\" href=\"https:\/\/sitiwebaroma.it\/fabiobarba\/fiat-panda-hybrid\/\" title=\"fiatpandahybrid\">Fiat Panda Hybrid<\/a>\n            <\/h2>\n        <\/header><div class=\"ebpg-entry-meta ebpg-header-meta\"><div class=\"ebpg-entry-meta-items\"><div class=\"ebpg-meta ebpg-categories-meta\"><a href=\"https:\/\/sitiwebaroma.it\/fabiobarba\/category\/noleggio\/\" title=\"Noleggio\">Noleggio<\/a><\/div><\/div><\/div><div class=\"ebpg-entry-content\"><div class=\"ebpg-grid-post-excerpt\">\n            <p>\u00a0\r\n \r\n\r\n\r\n\r\nCosto 1 giorno: \u20ac63,00\r\n\u00a0\r\n\r\n\r\n\r\nCosto fine settimana: \u20ac153,00\r\n\u00a0\r\n\r\n\r\n\r\nCosto settimanale: \u20ac329,00\r\n\u00a0\r\n\r\n\r\n\r\nCosto mensile: \u20ac1.254,00\r\n\u00a0\r\n\r\n\r\n\r\n\u00a0\r\n\r\n\r\n\r\n\r\n\r\nInformazioni aggiuntive:\r\nIl noleggio giornaliero comprende 150 Km.\r\n\r\nLa tariffa week&#8230;<\/p>\n        <\/div><\/div><div class=\"ebpg-entry-meta ebpg-footer-meta\"><div class=\"ebpg-author-avatar\">\n            <a href=\"https:\/\/sitiwebaroma.it\/fabiobarba\/author\/andy\/\">\n                <img decoding=\"async\" alt=\"blogger\" src=\"https:\/\/secure.gravatar.com\/avatar\/ad6af944290904657f383d3d7eb7ae5b89e33fab0d8992039d285a3780c8fef2?s=96&amp;d=mm&amp;r=g\" \/>\n            <\/a>\n        <\/div><div class=\"ebpg-entry-meta-items\"><span class=\"ebpg-posted-by\">\n            by <a href=\"https:\/\/sitiwebaroma.it\/fabiobarba\/author\/andy\/\" title=\"blogger\" rel=\"author\">blogger<\/a>\n        <\/span><span class=\"ebpg-posted-on\">\n            on <time dateTime=\"2023-06-19T15:48:34+02:00\">19 Giugno 2023<\/time>\n        <\/span><\/div><\/div><\/div><\/div><\/article><article class=\"ebpg-grid-post ebpg-post-grid-column\" data-id=\"553\"><div class=\"ebpg-grid-post-holder\"><div class=\"ebpg-entry-wrapper\"><div class=\"ebpg-entry-media\">\n                <div class=\"ebpg-entry-thumbnail\">\n                    <a class=\"ebpg-post-link-wrapper eb-sr-only\" href=\"https:\/\/sitiwebaroma.it\/fabiobarba\/citroen-c3\/\">Citroen C3<\/a>\n                    <img decoding=\"async\" width=\"800\" height=\"600\" src=\"https:\/\/sitiwebaroma.it\/fabiobarba\/wp-content\/uploads\/Citroen-C3-1.png\" class=\"attachment-full size-full\" alt=\"\" \/>\n                <\/div>\n            <\/div><header class=\"ebpg-entry-header\">\n            <h2 class=\"ebpg-entry-title\">\n                <a class=\"ebpg-grid-post-link\" href=\"https:\/\/sitiwebaroma.it\/fabiobarba\/citroen-c3\/\" title=\"citroenc3\">Citroen C3<\/a>\n            <\/h2>\n        <\/header><div class=\"ebpg-entry-meta ebpg-header-meta\"><div class=\"ebpg-entry-meta-items\"><div class=\"ebpg-meta ebpg-categories-meta\"><a href=\"https:\/\/sitiwebaroma.it\/fabiobarba\/category\/noleggio\/\" title=\"Noleggio\">Noleggio<\/a><\/div><\/div><\/div><div class=\"ebpg-entry-content\"><div class=\"ebpg-grid-post-excerpt\">\n            <p>\u00a0\r\n \r\n\r\n\r\n\r\nCosto 1 giorno: \u20ac75,00\r\n\u00a0\r\n\r\n\r\n\r\nCosto fine settimana: \u20ac199,00\r\n\u00a0\r\n\r\n\r\n\r\nCosto settimanale: \u20ac384,00\r\n\u00a0\r\n\r\n\r\n\r\nCosto mensile: \u20ac1.496,00\r\n\u00a0\r\n\r\n\r\n\r\n\u00a0\r\n\r\n\r\n\r\n\r\n\r\nInformazioni aggiuntive:\r\nIl noleggio giornaliero comprende 150 Km.\r\n\r\nLa tariffa week&#8230;<\/p>\n        <\/div><\/div><div class=\"ebpg-entry-meta ebpg-footer-meta\"><div class=\"ebpg-author-avatar\">\n            <a href=\"https:\/\/sitiwebaroma.it\/fabiobarba\/author\/andy\/\">\n                <img decoding=\"async\" alt=\"blogger\" src=\"https:\/\/secure.gravatar.com\/avatar\/ad6af944290904657f383d3d7eb7ae5b89e33fab0d8992039d285a3780c8fef2?s=96&amp;d=mm&amp;r=g\" \/>\n            <\/a>\n        <\/div><div class=\"ebpg-entry-meta-items\"><span class=\"ebpg-posted-by\">\n            by <a href=\"https:\/\/sitiwebaroma.it\/fabiobarba\/author\/andy\/\" title=\"blogger\" rel=\"author\">blogger<\/a>\n        <\/span><span class=\"ebpg-posted-on\">\n            on <time dateTime=\"2023-06-19T15:46:35+02:00\">19 Giugno 2023<\/time>\n        <\/span><\/div><\/div><\/div><\/div><\/article><article class=\"ebpg-grid-post ebpg-post-grid-column\" data-id=\"551\"><div class=\"ebpg-grid-post-holder\"><div class=\"ebpg-entry-wrapper\"><div class=\"ebpg-entry-media\">\n                <div class=\"ebpg-entry-thumbnail\">\n                    <a class=\"ebpg-post-link-wrapper eb-sr-only\" href=\"https:\/\/sitiwebaroma.it\/fabiobarba\/toyota-aygo\/\">Toyota Aygo<\/a>\n                    <img decoding=\"async\" width=\"800\" height=\"600\" src=\"https:\/\/sitiwebaroma.it\/fabiobarba\/wp-content\/uploads\/toyota-aygo-02.png\" class=\"attachment-full size-full\" alt=\"\" \/>\n                <\/div>\n            <\/div><header class=\"ebpg-entry-header\">\n            <h2 class=\"ebpg-entry-title\">\n                <a class=\"ebpg-grid-post-link\" href=\"https:\/\/sitiwebaroma.it\/fabiobarba\/toyota-aygo\/\" title=\"toyotaaygo\">Toyota Aygo<\/a>\n            <\/h2>\n        <\/header><div class=\"ebpg-entry-meta ebpg-header-meta\"><div class=\"ebpg-entry-meta-items\"><div class=\"ebpg-meta ebpg-categories-meta\"><a href=\"https:\/\/sitiwebaroma.it\/fabiobarba\/category\/noleggio\/\" title=\"Noleggio\">Noleggio<\/a><\/div><\/div><\/div><div class=\"ebpg-entry-content\"><div class=\"ebpg-grid-post-excerpt\">\n            <p>\u00a0\r\n \r\n\r\n\r\n\r\nCosto 1 giorno: \u20ac63,00\r\n\u00a0\r\n\r\n\r\n\r\nCosto fine settimana: \u20ac153,00\r\n\u00a0\r\n\r\n\r\n\r\nCosto settimanale: \u20ac329,00\r\n\u00a0\r\n\r\n\r\n\r\nCosto mensile: \u20ac1.254,00\r\n\u00a0\r\n\r\n\r\n\r\n\u00a0\r\n\r\n\r\n\r\n\r\n\r\nInformazioni aggiuntive:\r\nIl noleggio giornaliero comprende 150 Km.\r\n\r\nLa tariffa week&#8230;<\/p>\n        <\/div><\/div><div class=\"ebpg-entry-meta ebpg-footer-meta\"><div class=\"ebpg-author-avatar\">\n            <a href=\"https:\/\/sitiwebaroma.it\/fabiobarba\/author\/andy\/\">\n                <img decoding=\"async\" alt=\"blogger\" src=\"https:\/\/secure.gravatar.com\/avatar\/ad6af944290904657f383d3d7eb7ae5b89e33fab0d8992039d285a3780c8fef2?s=96&amp;d=mm&amp;r=g\" \/>\n            <\/a>\n        <\/div><div class=\"ebpg-entry-meta-items\"><span class=\"ebpg-posted-by\">\n            by <a href=\"https:\/\/sitiwebaroma.it\/fabiobarba\/author\/andy\/\" title=\"blogger\" rel=\"author\">blogger<\/a>\n        <\/span><span class=\"ebpg-posted-on\">\n            on <time dateTime=\"2023-06-19T15:32:16+02:00\">19 Giugno 2023<\/time>\n        <\/span><\/div><\/div><\/div><\/div><\/article><article class=\"ebpg-grid-post ebpg-post-grid-column\" data-id=\"548\"><div class=\"ebpg-grid-post-holder\"><div class=\"ebpg-entry-wrapper\"><div class=\"ebpg-entry-media\">\n                <div class=\"ebpg-entry-thumbnail\">\n                    <a class=\"ebpg-post-link-wrapper eb-sr-only\" href=\"https:\/\/sitiwebaroma.it\/fabiobarba\/fiat-500x\/\">Fiat 500X<\/a>\n                    <img loading=\"lazy\" decoding=\"async\" width=\"800\" height=\"600\" src=\"https:\/\/sitiwebaroma.it\/fabiobarba\/wp-content\/uploads\/Fiat-500X-800-1.png\" class=\"attachment-full size-full\" alt=\"Fiat 500X\" \/>\n                <\/div>\n            <\/div><header class=\"ebpg-entry-header\">\n            <h2 class=\"ebpg-entry-title\">\n                <a class=\"ebpg-grid-post-link\" href=\"https:\/\/sitiwebaroma.it\/fabiobarba\/fiat-500x\/\" title=\"fiat500x\">Fiat 500X<\/a>\n            <\/h2>\n        <\/header><div class=\"ebpg-entry-meta ebpg-header-meta\"><div class=\"ebpg-entry-meta-items\"><div class=\"ebpg-meta ebpg-categories-meta\"><a href=\"https:\/\/sitiwebaroma.it\/fabiobarba\/category\/noleggio\/\" title=\"Noleggio\">Noleggio<\/a><\/div><\/div><\/div><div class=\"ebpg-entry-content\"><div class=\"ebpg-grid-post-excerpt\">\n            <p>\u00a0\r\n \r\n\r\n\r\n\r\nCosto 1 giorno: \u20ac87,00\r\n\u00a0\r\n\r\n\r\n\r\nCosto fine settimana: \u20ac217,00\r\n\u00a0\r\n\r\n\r\n\r\nCosto settimanale: \u20ac435,00\r\n\u00a0\r\n\r\n\r\n\r\nCosto mensile: \u20ac1.738,00\r\n\u00a0\r\n\r\n\r\n\r\n\u00a0\r\n\r\n\r\n\r\n\r\n\r\nInformazioni aggiuntive:\r\nIl noleggio giornaliero comprende 150 Km.\r\n\r\nLa tariffa week&#8230;<\/p>\n        <\/div><\/div><div class=\"ebpg-entry-meta ebpg-footer-meta\"><div class=\"ebpg-author-avatar\">\n            <a href=\"https:\/\/sitiwebaroma.it\/fabiobarba\/author\/andy\/\">\n                <img decoding=\"async\" alt=\"blogger\" src=\"https:\/\/secure.gravatar.com\/avatar\/ad6af944290904657f383d3d7eb7ae5b89e33fab0d8992039d285a3780c8fef2?s=96&amp;d=mm&amp;r=g\" \/>\n            <\/a>\n        <\/div><div class=\"ebpg-entry-meta-items\"><span class=\"ebpg-posted-by\">\n            by <a href=\"https:\/\/sitiwebaroma.it\/fabiobarba\/author\/andy\/\" title=\"blogger\" rel=\"author\">blogger<\/a>\n        <\/span><span class=\"ebpg-posted-on\">\n            on <time dateTime=\"2023-06-19T15:29:50+02:00\">19 Giugno 2023<\/time>\n        <\/span><\/div><\/div><\/div><\/div><\/article><article class=\"ebpg-grid-post ebpg-post-grid-column\" data-id=\"542\"><div class=\"ebpg-grid-post-holder\"><div class=\"ebpg-entry-wrapper\"><div class=\"ebpg-entry-media\">\n                <div class=\"ebpg-entry-thumbnail\">\n                    <a class=\"ebpg-post-link-wrapper eb-sr-only\" href=\"https:\/\/sitiwebaroma.it\/fabiobarba\/nissan-juke\/\">Nissan Juke<\/a>\n                    <img loading=\"lazy\" decoding=\"async\" width=\"800\" height=\"600\" src=\"https:\/\/sitiwebaroma.it\/fabiobarba\/wp-content\/uploads\/nissan-juke.png\" class=\"attachment-full size-full\" alt=\"\" \/>\n                <\/div>\n            <\/div><header class=\"ebpg-entry-header\">\n            <h2 class=\"ebpg-entry-title\">\n                <a class=\"ebpg-grid-post-link\" href=\"https:\/\/sitiwebaroma.it\/fabiobarba\/nissan-juke\/\" title=\"nissanjuke\">Nissan Juke<\/a>\n            <\/h2>\n        <\/header><div class=\"ebpg-entry-meta ebpg-header-meta\"><div class=\"ebpg-entry-meta-items\"><div class=\"ebpg-meta ebpg-categories-meta\"><a href=\"https:\/\/sitiwebaroma.it\/fabiobarba\/category\/noleggio\/\" title=\"Noleggio\">Noleggio<\/a><\/div><\/div><\/div><div class=\"ebpg-entry-content\"><div class=\"ebpg-grid-post-excerpt\">\n            <p>\u00a0\r\n \r\n\r\n\r\n\r\nCosto 1 giorno: \u20ac87,00\r\n\u00a0\r\n\r\n\r\n\r\nCosto fine settimana: \u20ac217,00\r\n\u00a0\r\n\r\n\r\n\r\nCosto settimanale: \u20ac435,00\r\n\u00a0\r\n\r\n\r\n\r\nCosto mensile: \u20ac1.738,00\r\n\u00a0\r\n\r\n\r\n\r\n\u00a0\r\n\r\n\r\n\r\n\r\n\r\nInformazioni aggiuntive:\r\nIl noleggio giornaliero comprende 150 Km.\r\n\r\nLa tariffa week&#8230;<\/p>\n        <\/div><\/div><div class=\"ebpg-entry-meta ebpg-footer-meta\"><div class=\"ebpg-author-avatar\">\n            <a href=\"https:\/\/sitiwebaroma.it\/fabiobarba\/author\/andy\/\">\n                <img decoding=\"async\" alt=\"blogger\" src=\"https:\/\/secure.gravatar.com\/avatar\/ad6af944290904657f383d3d7eb7ae5b89e33fab0d8992039d285a3780c8fef2?s=96&amp;d=mm&amp;r=g\" \/>\n            <\/a>\n        <\/div><div class=\"ebpg-entry-meta-items\"><span class=\"ebpg-posted-by\">\n            by <a href=\"https:\/\/sitiwebaroma.it\/fabiobarba\/author\/andy\/\" title=\"blogger\" rel=\"author\">blogger<\/a>\n        <\/span><span class=\"ebpg-posted-on\">\n            on <time dateTime=\"2023-06-19T15:25:36+02:00\">19 Giugno 2023<\/time>\n        <\/span><\/div><\/div><\/div><\/div><\/article><article class=\"ebpg-grid-post ebpg-post-grid-column\" data-id=\"539\"><div class=\"ebpg-grid-post-holder\"><div class=\"ebpg-entry-wrapper\"><div class=\"ebpg-entry-media\">\n                <div class=\"ebpg-entry-thumbnail\">\n                    <a class=\"ebpg-post-link-wrapper eb-sr-only\" href=\"https:\/\/sitiwebaroma.it\/fabiobarba\/nissan-micra\/\">Nissan Micra<\/a>\n                    <img loading=\"lazy\" decoding=\"async\" width=\"800\" height=\"600\" src=\"https:\/\/sitiwebaroma.it\/fabiobarba\/wp-content\/uploads\/Nissan-micra.png\" class=\"attachment-full size-full\" alt=\"\" \/>\n                <\/div>\n            <\/div><header class=\"ebpg-entry-header\">\n            <h2 class=\"ebpg-entry-title\">\n                <a class=\"ebpg-grid-post-link\" href=\"https:\/\/sitiwebaroma.it\/fabiobarba\/nissan-micra\/\" title=\"nissanmicra\">Nissan Micra<\/a>\n            <\/h2>\n        <\/header><div class=\"ebpg-entry-meta ebpg-header-meta\"><div class=\"ebpg-entry-meta-items\"><div class=\"ebpg-meta ebpg-categories-meta\"><a href=\"https:\/\/sitiwebaroma.it\/fabiobarba\/category\/noleggio\/\" title=\"Noleggio\">Noleggio<\/a><\/div><\/div><\/div><div class=\"ebpg-entry-content\"><div class=\"ebpg-grid-post-excerpt\">\n            <p>\u00a0\r\n \r\n\r\n\r\n\r\nCosto 1 giorno: \u20ac75,00\r\n\u00a0\r\n\r\n\r\n\r\nCosto fine settimana: \u20ac199,00\r\n\u00a0\r\n\r\n\r\n\r\nCosto settimanale: \u20ac384,00\r\n\u00a0\r\n\r\n\r\n\r\nCosto mensile: \u20ac1.496,00\r\n\u00a0\r\n\r\n\r\n\r\n\u00a0\r\n\r\n\r\n\r\n\r\n\r\nInformazioni aggiuntive:\r\nIl noleggio giornaliero comprende 150 Km.\r\n\r\nLa tariffa week&#8230;<\/p>\n        <\/div><\/div><div class=\"ebpg-entry-meta ebpg-footer-meta\"><div class=\"ebpg-author-avatar\">\n            <a href=\"https:\/\/sitiwebaroma.it\/fabiobarba\/author\/andy\/\">\n                <img decoding=\"async\" alt=\"blogger\" src=\"https:\/\/secure.gravatar.com\/avatar\/ad6af944290904657f383d3d7eb7ae5b89e33fab0d8992039d285a3780c8fef2?s=96&amp;d=mm&amp;r=g\" \/>\n            <\/a>\n        <\/div><div class=\"ebpg-entry-meta-items\"><span class=\"ebpg-posted-by\">\n            by <a href=\"https:\/\/sitiwebaroma.it\/fabiobarba\/author\/andy\/\" title=\"blogger\" rel=\"author\">blogger<\/a>\n        <\/span><span class=\"ebpg-posted-on\">\n            on <time dateTime=\"2023-06-19T15:18:08+02:00\">19 Giugno 2023<\/time>\n        <\/span><\/div><\/div><\/div><\/div><\/article>        <\/div>\n    <\/div>\n<\/div>\n","protected":false},"excerpt":{"rendered":"<p>Sei alla ricerca di un modo semplice e conveniente per noleggiare un&#8217;auto ? Ti presentiamo il nostro servizio di noleggio auto con consegna e ritiro direttamente al tuo domicilio, senza costi aggiuntivi e senza bisogno di una carta di credito.Abbiamo creato questa opzione per offrirti la massima libert\u00e0 e flessibilit\u00e0 [&hellip;]<\/p>\n","protected":false},"author":2,"featured_media":376,"parent":0,"menu_order":0,"comment_status":"closed","ping_status":"closed","template":"","meta":{"_eb_attr":"","_joinchat":[],"footnotes":""},"class_list":["post-209","page","type-page","status-publish","has-post-thumbnail","hentry"],"yoast_head":"<!-- This site is optimized with the Yoast SEO plugin v27.5 - https:\/\/yoast.com\/product\/yoast-seo-wordpress\/ -->\n<title>Noleggio - Fabio Barba<\/title>\n<meta name=\"description\" content=\"Fabio Barba\" \/>\n<meta name=\"robots\" content=\"index, follow, max-snippet:-1, max-image-preview:large, max-video-preview:-1\" \/>\n<link rel=\"canonical\" href=\"https:\/\/sitiwebaroma.it\/fabiobarba\/noleggio\/\" \/>\n<meta property=\"og:locale\" content=\"it_IT\" \/>\n<meta property=\"og:type\" content=\"article\" \/>\n<meta property=\"og:title\" content=\"Noleggio - Fabio Barba\" \/>\n<meta property=\"og:description\" content=\"Fabio Barba\" \/>\n<meta property=\"og:url\" content=\"https:\/\/sitiwebaroma.it\/fabiobarba\/noleggio\/\" \/>\n<meta property=\"og:site_name\" content=\"Fabio Barba\" \/>\n<meta property=\"article:modified_time\" content=\"2023-06-17T09:06:50+00:00\" \/>\n<meta property=\"og:image\" content=\"https:\/\/sitiwebaroma.it\/fabiobarba\/wp-content\/uploads\/security-3257598_1920.jpg\" \/>\n\t<meta property=\"og:image:width\" content=\"1920\" \/>\n\t<meta property=\"og:image:height\" content=\"1280\" \/>\n\t<meta property=\"og:image:type\" content=\"image\/jpeg\" \/>\n<meta name=\"twitter:card\" content=\"summary_large_image\" \/>\n<meta name=\"twitter:label1\" content=\"Tempo di lettura stimato\" \/>\n\t<meta name=\"twitter:data1\" content=\"2 minuti\" \/>\n<script type=\"application\/ld+json\" class=\"yoast-schema-graph\">{\"@context\":\"https:\\\/\\\/schema.org\",\"@graph\":[{\"@type\":\"WebPage\",\"@id\":\"https:\\\/\\\/sitiwebaroma.it\\\/fabiobarba\\\/noleggio\\\/\",\"url\":\"https:\\\/\\\/sitiwebaroma.it\\\/fabiobarba\\\/noleggio\\\/\",\"name\":\"Noleggio - Fabio Barba\",\"isPartOf\":{\"@id\":\"https:\\\/\\\/sitiwebaroma.it\\\/fabiobarba\\\/#website\"},\"primaryImageOfPage\":{\"@id\":\"https:\\\/\\\/sitiwebaroma.it\\\/fabiobarba\\\/noleggio\\\/#primaryimage\"},\"image\":{\"@id\":\"https:\\\/\\\/sitiwebaroma.it\\\/fabiobarba\\\/noleggio\\\/#primaryimage\"},\"thumbnailUrl\":\"https:\\\/\\\/sitiwebaroma.it\\\/fabiobarba\\\/wp-content\\\/uploads\\\/security-3257598_1920.jpg\",\"datePublished\":\"2023-06-15T09:58:06+00:00\",\"dateModified\":\"2023-06-17T09:06:50+00:00\",\"description\":\"Fabio Barba\",\"breadcrumb\":{\"@id\":\"https:\\\/\\\/sitiwebaroma.it\\\/fabiobarba\\\/noleggio\\\/#breadcrumb\"},\"inLanguage\":\"it-IT\",\"potentialAction\":[{\"@type\":\"ReadAction\",\"target\":[\"https:\\\/\\\/sitiwebaroma.it\\\/fabiobarba\\\/noleggio\\\/\"]}]},{\"@type\":\"ImageObject\",\"inLanguage\":\"it-IT\",\"@id\":\"https:\\\/\\\/sitiwebaroma.it\\\/fabiobarba\\\/noleggio\\\/#primaryimage\",\"url\":\"https:\\\/\\\/sitiwebaroma.it\\\/fabiobarba\\\/wp-content\\\/uploads\\\/security-3257598_1920.jpg\",\"contentUrl\":\"https:\\\/\\\/sitiwebaroma.it\\\/fabiobarba\\\/wp-content\\\/uploads\\\/security-3257598_1920.jpg\",\"width\":1920,\"height\":1280},{\"@type\":\"BreadcrumbList\",\"@id\":\"https:\\\/\\\/sitiwebaroma.it\\\/fabiobarba\\\/noleggio\\\/#breadcrumb\",\"itemListElement\":[{\"@type\":\"ListItem\",\"position\":1,\"name\":\"Home\",\"item\":\"https:\\\/\\\/sitiwebaroma.it\\\/fabiobarba\\\/\"},{\"@type\":\"ListItem\",\"position\":2,\"name\":\"Noleggio\"}]},{\"@type\":\"WebSite\",\"@id\":\"https:\\\/\\\/sitiwebaroma.it\\\/fabiobarba\\\/#website\",\"url\":\"https:\\\/\\\/sitiwebaroma.it\\\/fabiobarba\\\/\",\"name\":\"Fabio Barba\",\"description\":\"La tua tutela legale\",\"publisher\":{\"@id\":\"https:\\\/\\\/sitiwebaroma.it\\\/fabiobarba\\\/#organization\"},\"potentialAction\":[{\"@type\":\"SearchAction\",\"target\":{\"@type\":\"EntryPoint\",\"urlTemplate\":\"https:\\\/\\\/sitiwebaroma.it\\\/fabiobarba\\\/?s={search_term_string}\"},\"query-input\":{\"@type\":\"PropertyValueSpecification\",\"valueRequired\":true,\"valueName\":\"search_term_string\"}}],\"inLanguage\":\"it-IT\"},{\"@type\":\"Organization\",\"@id\":\"https:\\\/\\\/sitiwebaroma.it\\\/fabiobarba\\\/#organization\",\"name\":\"Fabio Barba\",\"url\":\"https:\\\/\\\/sitiwebaroma.it\\\/fabiobarba\\\/\",\"logo\":{\"@type\":\"ImageObject\",\"inLanguage\":\"it-IT\",\"@id\":\"https:\\\/\\\/sitiwebaroma.it\\\/fabiobarba\\\/#\\\/schema\\\/logo\\\/image\\\/\",\"url\":\"https:\\\/\\\/sitiwebaroma.it\\\/fabiobarba\\\/wp-content\\\/uploads\\\/FB-logo3.png\",\"contentUrl\":\"https:\\\/\\\/sitiwebaroma.it\\\/fabiobarba\\\/wp-content\\\/uploads\\\/FB-logo3.png\",\"width\":469,\"height\":150,\"caption\":\"Fabio Barba\"},\"image\":{\"@id\":\"https:\\\/\\\/sitiwebaroma.it\\\/fabiobarba\\\/#\\\/schema\\\/logo\\\/image\\\/\"}}]}<\/script>\n<!-- \/ Yoast SEO plugin. -->","yoast_head_json":{"title":"Noleggio - Fabio Barba","description":"Fabio Barba","robots":{"index":"index","follow":"follow","max-snippet":"max-snippet:-1","max-image-preview":"max-image-preview:large","max-video-preview":"max-video-preview:-1"},"canonical":"https:\/\/sitiwebaroma.it\/fabiobarba\/noleggio\/","og_locale":"it_IT","og_type":"article","og_title":"Noleggio - Fabio Barba","og_description":"Fabio Barba","og_url":"https:\/\/sitiwebaroma.it\/fabiobarba\/noleggio\/","og_site_name":"Fabio Barba","article_modified_time":"2023-06-17T09:06:50+00:00","og_image":[{"width":1920,"height":1280,"url":"https:\/\/sitiwebaroma.it\/fabiobarba\/wp-content\/uploads\/security-3257598_1920.jpg","type":"image\/jpeg"}],"twitter_card":"summary_large_image","twitter_misc":{"Tempo di lettura stimato":"2 minuti"},"schema":{"@context":"https:\/\/schema.org","@graph":[{"@type":"WebPage","@id":"https:\/\/sitiwebaroma.it\/fabiobarba\/noleggio\/","url":"https:\/\/sitiwebaroma.it\/fabiobarba\/noleggio\/","name":"Noleggio - Fabio Barba","isPartOf":{"@id":"https:\/\/sitiwebaroma.it\/fabiobarba\/#website"},"primaryImageOfPage":{"@id":"https:\/\/sitiwebaroma.it\/fabiobarba\/noleggio\/#primaryimage"},"image":{"@id":"https:\/\/sitiwebaroma.it\/fabiobarba\/noleggio\/#primaryimage"},"thumbnailUrl":"https:\/\/sitiwebaroma.it\/fabiobarba\/wp-content\/uploads\/security-3257598_1920.jpg","datePublished":"2023-06-15T09:58:06+00:00","dateModified":"2023-06-17T09:06:50+00:00","description":"Fabio Barba","breadcrumb":{"@id":"https:\/\/sitiwebaroma.it\/fabiobarba\/noleggio\/#breadcrumb"},"inLanguage":"it-IT","potentialAction":[{"@type":"ReadAction","target":["https:\/\/sitiwebaroma.it\/fabiobarba\/noleggio\/"]}]},{"@type":"ImageObject","inLanguage":"it-IT","@id":"https:\/\/sitiwebaroma.it\/fabiobarba\/noleggio\/#primaryimage","url":"https:\/\/sitiwebaroma.it\/fabiobarba\/wp-content\/uploads\/security-3257598_1920.jpg","contentUrl":"https:\/\/sitiwebaroma.it\/fabiobarba\/wp-content\/uploads\/security-3257598_1920.jpg","width":1920,"height":1280},{"@type":"BreadcrumbList","@id":"https:\/\/sitiwebaroma.it\/fabiobarba\/noleggio\/#breadcrumb","itemListElement":[{"@type":"ListItem","position":1,"name":"Home","item":"https:\/\/sitiwebaroma.it\/fabiobarba\/"},{"@type":"ListItem","position":2,"name":"Noleggio"}]},{"@type":"WebSite","@id":"https:\/\/sitiwebaroma.it\/fabiobarba\/#website","url":"https:\/\/sitiwebaroma.it\/fabiobarba\/","name":"Fabio Barba","description":"La tua tutela legale","publisher":{"@id":"https:\/\/sitiwebaroma.it\/fabiobarba\/#organization"},"potentialAction":[{"@type":"SearchAction","target":{"@type":"EntryPoint","urlTemplate":"https:\/\/sitiwebaroma.it\/fabiobarba\/?s={search_term_string}"},"query-input":{"@type":"PropertyValueSpecification","valueRequired":true,"valueName":"search_term_string"}}],"inLanguage":"it-IT"},{"@type":"Organization","@id":"https:\/\/sitiwebaroma.it\/fabiobarba\/#organization","name":"Fabio Barba","url":"https:\/\/sitiwebaroma.it\/fabiobarba\/","logo":{"@type":"ImageObject","inLanguage":"it-IT","@id":"https:\/\/sitiwebaroma.it\/fabiobarba\/#\/schema\/logo\/image\/","url":"https:\/\/sitiwebaroma.it\/fabiobarba\/wp-content\/uploads\/FB-logo3.png","contentUrl":"https:\/\/sitiwebaroma.it\/fabiobarba\/wp-content\/uploads\/FB-logo3.png","width":469,"height":150,"caption":"Fabio Barba"},"image":{"@id":"https:\/\/sitiwebaroma.it\/fabiobarba\/#\/schema\/logo\/image\/"}}]}},"_links":{"self":[{"href":"https:\/\/sitiwebaroma.it\/fabiobarba\/wp-json\/wp\/v2\/pages\/209","targetHints":{"allow":["GET"]}}],"collection":[{"href":"https:\/\/sitiwebaroma.it\/fabiobarba\/wp-json\/wp\/v2\/pages"}],"about":[{"href":"https:\/\/sitiwebaroma.it\/fabiobarba\/wp-json\/wp\/v2\/types\/page"}],"author":[{"embeddable":true,"href":"https:\/\/sitiwebaroma.it\/fabiobarba\/wp-json\/wp\/v2\/users\/2"}],"replies":[{"embeddable":true,"href":"https:\/\/sitiwebaroma.it\/fabiobarba\/wp-json\/wp\/v2\/comments?post=209"}],"version-history":[{"count":0,"href":"https:\/\/sitiwebaroma.it\/fabiobarba\/wp-json\/wp\/v2\/pages\/209\/revisions"}],"wp:featuredmedia":[{"embeddable":true,"href":"https:\/\/sitiwebaroma.it\/fabiobarba\/wp-json\/wp\/v2\/media\/376"}],"wp:attachment":[{"href":"https:\/\/sitiwebaroma.it\/fabiobarba\/wp-json\/wp\/v2\/media?parent=209"}],"curies":[{"name":"wp","href":"https:\/\/api.w.org\/{rel}","templated":true}]}}